{"id":4633,"date":"2013-11-05T09:00:13","date_gmt":"2013-11-05T12:00:13","guid":{"rendered":"http:\/\/facic-ce.com.br\/web\/?page_id=4633"},"modified":"2025-05-02T10:43:27","modified_gmt":"2025-05-02T13:43:27","slug":"a-federacao","status":"publish","type":"page","link":"http:\/\/facic-ce.com.br\/site\/a-federacao\/","title":{"rendered":"A Federa\u00e7\u00e3o"},"content":{"rendered":"\n\t\t<style type=\"text\/css\">\n\t\t\t#gallery-1 {\n\t\t\t\tmargin: auto;\n\t\t\t}\n\t\t\t#gallery-1 .gallery-item {\n\t\t\t\tfloat: left;\n\t\t\t\tmargin-top: 10px;\n\t\t\t\ttext-align: center;\n\t\t\t\twidth: 100%;\n\t\t\t}\n\t\t\t#gallery-1 img {\n\t\t\t\tborder: 2px solid #cfcfcf;\n\t\t\t}\n\t\t\t#gallery-1 .gallery-caption {\n\t\t\t\tmargin-left: 0;\n\t\t\t}\n\t\t\t\/* see gallery_shortcode() in wp-includes\/media.php *\/\n\t\t<\/style>\n\t\t<div id='gallery-1' class='gallery galleryid-4633 gallery-columns-1 gallery-size-full'><dl class='gallery-item'>\n\t\t\t<dt class='gallery-icon landscape'>\n\t\t\t\t<img width=\"902\" height=\"637\" src=\"http:\/\/facic-ce.com.br\/site\/wp-content\/uploads\/2013\/11\/historia-facic-011.jpg\" class=\"attachment-full size-full\" alt=\"\" loading=\"lazy\" srcset=\"http:\/\/facic-ce.com.br\/site\/wp-content\/uploads\/2013\/11\/historia-facic-011.jpg 902w, http:\/\/facic-ce.com.br\/site\/wp-content\/uploads\/2013\/11\/historia-facic-011-300x212.jpg 300w, http:\/\/facic-ce.com.br\/site\/wp-content\/uploads\/2013\/11\/historia-facic-011-600x424.jpg 600w\" sizes=\"(max-width: 902px) 100vw, 902px\" \/>\n\t\t\t<\/dt><\/dl><br style=\"clear: both\" \/><dl class='gallery-item'>\n\t\t\t<dt class='gallery-icon landscape'>\n\t\t\t\t<img width=\"903\" height=\"638\" src=\"http:\/\/facic-ce.com.br\/site\/wp-content\/uploads\/2013\/11\/historia-facic-021.jpg\" class=\"attachment-full size-full\" alt=\"\" loading=\"lazy\" srcset=\"http:\/\/facic-ce.com.br\/site\/wp-content\/uploads\/2013\/11\/historia-facic-021.jpg 903w, http:\/\/facic-ce.com.br\/site\/wp-content\/uploads\/2013\/11\/historia-facic-021-300x212.jpg 300w, http:\/\/facic-ce.com.br\/site\/wp-content\/uploads\/2013\/11\/historia-facic-021-600x424.jpg 600w\" sizes=\"(max-width: 903px) 100vw, 903px\" \/>\n\t\t\t<\/dt><\/dl><br style=\"clear: both\" \/><dl class='gallery-item'>\n\t\t\t<dt class='gallery-icon landscape'>\n\t\t\t\t<img width=\"906\" height=\"639\" src=\"http:\/\/facic-ce.com.br\/site\/wp-content\/uploads\/2013\/11\/historia-facic-051.jpg\" class=\"attachment-full size-full\" alt=\"\" loading=\"lazy\" srcset=\"http:\/\/facic-ce.com.br\/site\/wp-content\/uploads\/2013\/11\/historia-facic-051.jpg 906w, http:\/\/facic-ce.com.br\/site\/wp-content\/uploads\/2013\/11\/historia-facic-051-300x212.jpg 300w, http:\/\/facic-ce.com.br\/site\/wp-content\/uploads\/2013\/11\/historia-facic-051-600x423.jpg 600w\" sizes=\"(max-width: 906px) 100vw, 906px\" \/>\n\t\t\t<\/dt><\/dl><br style=\"clear: both\" \/>\n\t\t<\/div>\n\n<p style=\"text-align: justify;\"><a href=\"http:\/\/facic-ce.com.br\/site\/wp-content\/uploads\/2013\/11\/predio-facic01.jpg\"><img loading=\"lazy\" class=\" wp-image-6123 aligncenter\" src=\"http:\/\/facic-ce.com.br\/site\/wp-content\/uploads\/2013\/11\/predio-facic01.jpg\" alt=\"predio facic01\" width=\"910\" height=\"658\" \/><\/a><\/p>\n<p style=\"text-align: left;\">A FACIC, ao longo de seus 96 anos de exist\u00eancia, tem direcionado a sua atua\u00e7\u00e3o na busca constante da dinamiza\u00e7\u00e3o do desenvolvimento do Cear\u00e1, apoiando, orientando e defendendo as alternativas apresentadas pelas entidades representativas de cada setor da cadeia produtiva e de abastecimento, ligadas aos segmentos que representamos.<\/p>\n<p style=\"text-align: left;\">Tem em seu corpo de associadas, entidades dos setores ind\u00fastria, com\u00e9rcio, servi\u00e7os e agropecu\u00e1ria, sendo, assim, a porta-voz das sugest\u00f5es setoriais que s\u00e3o apresentadas como propostas para solucionar os problemas maiores inerentes a cada segmento.<br \/>\nEntendemos que, dentro da cadeia produtiva, todos os setores t\u00eam import\u00e2ncia singular e correspondente, funcionando como uma verdadeira m\u00e1quina com suas pe\u00e7as atuando independentes, mas harmoniosamente.<\/p>\n<p style=\"text-align: left;\">Dentro deste diapas\u00e3o, pontua a FACIC pela atua\u00e7\u00e3o conjunta da iniciativa privada com a gest\u00e3o p\u00fablica na busca do desenvolvimento. Pois, pela via do desenvolvimento, \u00e9 poss\u00edvel ampliar o emprego e, em conseq\u00fc\u00eancia, elevar a renda pessoal, fortalecendo o mercado interno e diminuindo as desigualdades sociais.<\/p>\n<p style=\"text-align: left;\">Com esta vis\u00e3o, a FACIC tem desenvolvido e apoiado projetos que tenham conson\u00e2ncia com seus objetivos institucionais. Como exemplos, destacamos o projeto\u00a0Varejo Competitivo\u00a0que, contando com a a\u00e7\u00e3o o apoio do SEBRAE, tem proporcionado \u00e0 melhoria e o crescimento do pequeno varejo cearense. O projeto de\u00a0fideliza\u00e7\u00e3o aos produtos cearenses\u00a0tamb\u00e9m recebeu a chancela da FACIC.\u00a0A Central de Neg\u00f3cios\u00a0que vem impulsionando o com\u00e9rcio do centro de Fortaleza, com a cria\u00e7\u00e3o e orienta\u00e7\u00e3o de grupos de empresa na busca solu\u00e7\u00f5es de seus problemas comuns, s\u00e3o alguns dos projetos que merecem destaque, al\u00e9m da layoutiza\u00e7\u00e3o de pequenas lojas, assim como trabalhos v\u00e1rios realizados pelo Instituto Macro, o bra\u00e7o de estudos da FACIC.<\/p>\n<p style=\"text-align: left;\">O evento cultural Sexta na Pra\u00e7a, iniciativa e realiza\u00e7\u00e3o da FACIC, disponibilizou oportunidades para nossos artistas e pequenos artes\u00e3os, al\u00e9m de oferecer meio saud\u00e1vel de divers\u00e3o aos trabalhadores do centro de Fortaleza.<\/p>\n<p style=\"text-align: left;\">A sede da FACIC, o hist\u00f3rico Pal\u00e1cio do Com\u00e9rcio, localizado no Largo da Assembl\u00e9ia, antiga Pra\u00e7a da Carolina, tem sido palco de debates e de discuss\u00f5es de temas que interessam ao povo cearense, tendo sido a sede da Assembl\u00e9ia Legislativa, da Bolsa de Valores do Cear\u00e1, da Associa\u00e7\u00e3o Comercial, do Sebrae, no in\u00edcio de sua vitoriosa caminhada, dentre outros.<\/p>\n","protected":false},"excerpt":{"rendered":"<p>A FACIC, ao longo de seus 96 anos de exist\u00eancia, tem direcionado a sua atua\u00e7\u00e3o na busca constante da dinamiza\u00e7\u00e3o do desenvolvimento do Cear\u00e1, apoiando, orientando e defendendo as alternativas&#8230;<\/p>\n","protected":false},"author":1,"featured_media":6123,"parent":0,"menu_order":0,"comment_status":"closed","ping_status":"open","template":"","meta":[],"_links":{"self":[{"href":"http:\/\/facic-ce.com.br\/site\/wp-json\/wp\/v2\/pages\/4633"}],"collection":[{"href":"http:\/\/facic-ce.com.br\/site\/wp-json\/wp\/v2\/pages"}],"about":[{"href":"http:\/\/facic-ce.com.br\/site\/wp-json\/wp\/v2\/types\/page"}],"author":[{"embeddable":true,"href":"http:\/\/facic-ce.com.br\/site\/wp-json\/wp\/v2\/users\/1"}],"replies":[{"embeddable":true,"href":"http:\/\/facic-ce.com.br\/site\/wp-json\/wp\/v2\/comments?post=4633"}],"version-history":[{"count":13,"href":"http:\/\/facic-ce.com.br\/site\/wp-json\/wp\/v2\/pages\/4633\/revisions"}],"predecessor-version":[{"id":8751,"href":"http:\/\/facic-ce.com.br\/site\/wp-json\/wp\/v2\/pages\/4633\/revisions\/8751"}],"wp:featuredmedia":[{"embeddable":true,"href":"http:\/\/facic-ce.com.br\/site\/wp-json\/wp\/v2\/media\/6123"}],"wp:attachment":[{"href":"http:\/\/facic-ce.com.br\/site\/wp-json\/wp\/v2\/media?parent=4633"}],"curies":[{"name":"wp","href":"https:\/\/api.w.org\/{rel}","templated":true}]}}